{"id":15301,"date":"2023-05-11T11:06:59","date_gmt":"2023-05-11T09:06:59","guid":{"rendered":"http:\/\/ktbb.org\/v1\/?page_id=15301"},"modified":"2023-05-11T11:06:59","modified_gmt":"2023-05-11T09:06:59","slug":"bulent-bebek","status":"publish","type":"page","link":"https:\/\/ktbb.org\/v1\/bulent-bebek\/","title":{"rendered":"B\u00fclent Bebek"},"content":{"rendered":"<p><img decoding=\"async\" class=\"alignnone size-medium wp-image-15302\" src=\"http:\/\/ktbb.org\/v1\/wp-content\/uploads\/2023\/05\/Bulent-Bebek-300x183.png\" alt=\"\" width=\"300\" height=\"183\" srcset=\"https:\/\/ktbb.org\/v1\/wp-content\/uploads\/2023\/05\/Bulent-Bebek-200x122.png 200w, https:\/\/ktbb.org\/v1\/wp-content\/uploads\/2023\/05\/Bulent-Bebek-300x183.png 300w, https:\/\/ktbb.org\/v1\/wp-content\/uploads\/2023\/05\/Bulent-Bebek-400x244.png 400w, https:\/\/ktbb.org\/v1\/wp-content\/uploads\/2023\/05\/Bulent-Bebek-600x366.png 600w, https:\/\/ktbb.org\/v1\/wp-content\/uploads\/2023\/05\/Bulent-Bebek.png 706w\" sizes=\"(max-width: 300px) 100vw, 300px\" \/><\/p>\n<p>25 Kas\u0131m 1977 y\u0131l\u0131nda Gazima\u011fusa\u2019da do\u011fdu. \u0130lkokul, orta ve lise e\u011fitimini s\u0131ras\u0131yla G\u00fcvercinlik \u0130kokulu, Canbolat \u00d6zg\u00fcrl\u00fck Ortaokulu ve Lefko\u015fa T\u00fcrk Lisesi\u2019nde tamamlad\u0131.<\/p>\n<p>\u00c7al\u0131\u015fma ya\u015fam\u0131na 1995 y\u0131l\u0131nda G\u00fcvenlik Kuvvetleri \u00d6zel G\u00f6rev Komutanl\u0131\u011f\u0131\u2019nda ba\u015flad\u0131. 1997-2004 y\u0131llar\u0131 aras\u0131nda G\u00fclseren E\u011fitim Taburu\u2019nda g\u00f6rev yapt\u0131. 2004 y\u0131l\u0131ndan sonra ise konfeksiyon ve ayakkab\u0131 sekt\u00f6r\u00fcnde yat\u0131r\u0131m yaparak G\u00fcvercinlik\u2019te fabrika kurdu. Y\u0131llar i\u00e7erisinde ticaret hayat\u0131nda yakalad\u0131\u011f\u0131 tecr\u00fcbeyle BH moda giyim ma\u011fazas\u0131n\u0131 a\u00e7t\u0131. Bu sayede bir \u00e7ok insana i\u015f imkan\u0131 sa\u011flarken, say\u0131s\u0131z \u00f6\u011frenciye e\u011fitim bursu olana\u011f\u0131 sundu. 2018-2022 y\u0131llar\u0131 aras\u0131nda Beyarmudu Belediyesi Asba\u015fkanl\u0131\u011f\u0131 ve Meclis \u00dcyeli\u011fi g\u00f6revinde bulundu. \u0130\u015f ya\u015fam\u0131n\u0131n yan\u0131 s\u0131ra G\u00fcvercinlik Spor Kul\u00fcb\u00fc Ba\u015fkanl\u0131\u011f\u0131 ve bir \u00e7ok sivil toplum \u00f6rg\u00fct\u00fcnde \u00e7e\u015fitli g\u00f6revlerde bulundu. Ayn\u0131 zamanda geni\u015f sosyal sorumluluk projelerini hayata ge\u00e7irdi. Aral\u0131k 2022\u2019de ger\u00e7ekle\u015ftirilen yerel se\u00e7imde Beyarmudu Belediye Ba\u015fkanl\u0131\u011f\u0131\u2019na se\u00e7ildi.<\/p>\n<p>Evli ve \u00fc\u00e7 \u00e7ocuk babas\u0131d\u0131r.<\/p>\n","protected":false},"excerpt":{"rendered":"<p>25 Kas\u0131m 1977 y\u0131l\u0131nda Gazima\u011fusa\u2019da do\u011fdu. \u0130lkokul, orta ve lise [&hellip;]<\/p>\n","protected":false},"author":10,"featured_media":0,"parent":0,"menu_order":0,"comment_status":"closed","ping_status":"closed","template":"","meta":{"footnotes":""},"class_list":["post-15301","page","type-page","status-publish","hentry"],"_links":{"self":[{"href":"https:\/\/ktbb.org\/v1\/wp-json\/wp\/v2\/pages\/15301","targetHints":{"allow":["GET"]}}],"collection":[{"href":"https:\/\/ktbb.org\/v1\/wp-json\/wp\/v2\/pages"}],"about":[{"href":"https:\/\/ktbb.org\/v1\/wp-json\/wp\/v2\/types\/page"}],"author":[{"embeddable":true,"href":"https:\/\/ktbb.org\/v1\/wp-json\/wp\/v2\/users\/10"}],"replies":[{"embeddable":true,"href":"https:\/\/ktbb.org\/v1\/wp-json\/wp\/v2\/comments?post=15301"}],"version-history":[{"count":1,"href":"https:\/\/ktbb.org\/v1\/wp-json\/wp\/v2\/pages\/15301\/revisions"}],"predecessor-version":[{"id":15303,"href":"https:\/\/ktbb.org\/v1\/wp-json\/wp\/v2\/pages\/15301\/revisions\/15303"}],"wp:attachment":[{"href":"https:\/\/ktbb.org\/v1\/wp-json\/wp\/v2\/media?parent=15301"}],"curies":[{"name":"wp","href":"https:\/\/api.w.org\/{rel}","templated":true}]}}